{"id":6186,"date":"2019-09-19T23:47:29","date_gmt":"2019-09-20T02:47:29","guid":{"rendered":"http:\/\/www.ariadnatucma.com.ar\/?page_id=6186"},"modified":"2022-08-24T11:40:13","modified_gmt":"2022-08-24T14:40:13","slug":"ariadna-tucma-n-8","status":"publish","type":"page","link":"https:\/\/www.ariadnatucma.com.ar\/?page_id=6186","title":{"rendered":"Ariadna Tucma N\u00ba 8 Marzo 2013 \u2013 Febrero 2014"},"content":{"rendered":"\n<p>VOLUMEN I<\/p>\n\n\n\n<p>I. HISTORIOGRAF\u00cdA, ESTUDIOS Y DEBATES<\/p>\n\n\n\n<div class=\"wp-block-media-text alignwide is-stacked-on-mobile\"><figure class=\"wp-block-media-text__media\"><img loading=\"lazy\" decoding=\"async\" width=\"510\" height=\"379\" src=\"http:\/\/www.ariadnatucma.com.ar\/wp-content\/uploads\/2013\/07\/QuitoBCCrisorio02.jpg\" alt=\"Quito\" class=\"wp-image-4024 size-full\" srcset=\"https:\/\/www.ariadnatucma.com.ar\/wp-content\/uploads\/2013\/07\/QuitoBCCrisorio02.jpg 510w, https:\/\/www.ariadnatucma.com.ar\/wp-content\/uploads\/2013\/07\/QuitoBCCrisorio02-300x222.jpg 300w\" sizes=\"auto, (max-width: 510px) 100vw, 510px\" \/><\/figure><div class=\"wp-block-media-text__content\">\n<p class=\"has-text-align-right\"><a href=\"http:\/\/www.ariadnatucma.com.ar\/?p=4000\">Identidad Latinoamericana: dualismo o integraci\u00f3n. Debates Historiogr\u00e1ficos<\/a>.Vera Lucia Vieira y Eugenia Cec\u00edlia Gomez Casta\u00f1eda.<\/p>\n<\/div><\/div>\n\n\n\n<div class=\"wp-block-media-text alignwide has-media-on-the-right is-stacked-on-mobile is-image-fill\"><figure class=\"wp-block-media-text__media\" style=\"background-image:url(http:\/\/www.ariadnatucma.com.ar\/wp-content\/uploads\/2013\/07\/Arturo-Jauretche-02.jpg);background-position:28.499999999999996% 32.93332926432292%\"><img loading=\"lazy\" decoding=\"async\" width=\"259\" height=\"194\" src=\"http:\/\/www.ariadnatucma.com.ar\/wp-content\/uploads\/2013\/07\/Arturo-Jauretche-02.jpg\" alt=\"Arturo Jauretche\" class=\"wp-image-4044 size-full\"\/><\/figure><div class=\"wp-block-media-text__content\">\n<p class=\"has-white-color has-text-color\"><a href=\"http:\/\/www.ariadnatucma.com.ar\/?p=4040\">Un esbozo de los l\u00edmites de la historiograf\u00eda oficial de la historia argentina.<\/a> Pablo Jaitte<\/p>\n<\/div><\/div>\n\n\n\n<div class=\"wp-block-media-text alignwide is-stacked-on-mobile\"><figure class=\"wp-block-media-text__media\"><img loading=\"lazy\" decoding=\"async\" width=\"408\" height=\"528\" src=\"http:\/\/www.ariadnatucma.com.ar\/wp-content\/uploads\/2013\/07\/C_prado_junior.jpg\" alt=\"\" class=\"wp-image-4029 size-full\" srcset=\"https:\/\/www.ariadnatucma.com.ar\/wp-content\/uploads\/2013\/07\/C_prado_junior.jpg 408w, https:\/\/www.ariadnatucma.com.ar\/wp-content\/uploads\/2013\/07\/C_prado_junior-231x300.jpg 231w\" sizes=\"auto, (max-width: 408px) 100vw, 408px\" \/><\/figure><div class=\"wp-block-media-text__content\">\n<p class=\"has-text-align-right\"><a href=\"http:\/\/www.ariadnatucma.com.ar\/?p=4027\">Una aproximaci\u00f3n a la cuesti\u00f3n de la dependencia en la obra de Caio Prado Junior<\/a> Daniel Villalba<\/p>\n<\/div><\/div>\n\n\n\n<div class=\"wp-block-media-text alignwide has-media-on-the-right is-stacked-on-mobile\"><figure class=\"wp-block-media-text__media\"><img loading=\"lazy\" decoding=\"async\" width=\"300\" height=\"224\" src=\"http:\/\/www.ariadnatucma.com.ar\/wp-content\/uploads\/2013\/07\/ernesto_giudici-protesta-por-Golpe-1930.jpg\" alt=\"\" class=\"wp-image-3988 size-full\"\/><\/figure><div class=\"wp-block-media-text__content\">\n<p><a href=\"http:\/\/www.ariadnatucma.com.ar\/?p=3983\">El anticomunismo en la Historia argentina de los a\u00f1os \u201930.&nbsp;Otro caso de negaci\u00f3n en la historiograf\u00eda.<\/a> Mercedes F. L\u00f3pez Cantera<\/p>\n<\/div><\/div>\n\n\n\n<p class=\"has-vivid-cyan-blue-color has-text-color has-huge-font-size\">\u21e8<\/p>\n\n\n\n<p><a href=\"http:\/\/www.ariadnatucma.com.ar\/?page_id=6091\">VOLVER AL INDICE<\/a><\/p>\n\n\n\n<div class=\"wp-block-media-text alignwide has-media-on-the-right is-stacked-on-mobile\"><figure class=\"wp-block-media-text__media\"><img loading=\"lazy\" decoding=\"async\" width=\"525\" height=\"302\" src=\"http:\/\/www.ariadnatucma.com.ar\/wp-content\/uploads\/2019\/08\/Ariadna-escudo-04-completo-14-FIRMA-revista-chico.jpg\" alt=\"\" class=\"wp-image-5704 size-full\" srcset=\"https:\/\/www.ariadnatucma.com.ar\/wp-content\/uploads\/2019\/08\/Ariadna-escudo-04-completo-14-FIRMA-revista-chico.jpg 525w, https:\/\/www.ariadnatucma.com.ar\/wp-content\/uploads\/2019\/08\/Ariadna-escudo-04-completo-14-FIRMA-revista-chico-300x173.jpg 300w\" sizes=\"auto, (max-width: 525px) 100vw, 525px\" \/><\/figure><div class=\"wp-block-media-text__content\">\n<p class=\"has-text-align-center has-text-color\" style=\"color:#0576a7;font-size:15.5px\">Ariadna Tucma Revista Latinoamericana<\/p>\n\n\n\n<p class=\"has-text-align-center has-text-color\" style=\"color:#0576a7;font-size:15.5px\">ISSN 1853-9467 <\/p>\n<\/div><\/div>\n\n\n\n<!--nextpage-->\n\n\n\n<p>II. HISTORIA DE AM\u00c9RICA LATINA Y EL CARIBE EN EL SIGLO XIX <\/p>\n\n\n\n<div class=\"wp-block-media-text alignwide is-stacked-on-mobile\"><figure class=\"wp-block-media-text__media\"><img loading=\"lazy\" decoding=\"async\" width=\"819\" height=\"1024\" src=\"http:\/\/www.ariadnatucma.com.ar\/wp-content\/uploads\/2013\/07\/La-guerra-del-Pacifico-Mapa-02-819x1024.jpg\" alt=\"\" class=\"wp-image-4076 size-full\" srcset=\"https:\/\/www.ariadnatucma.com.ar\/wp-content\/uploads\/2013\/07\/La-guerra-del-Pacifico-Mapa-02-819x1024.jpg 819w, https:\/\/www.ariadnatucma.com.ar\/wp-content\/uploads\/2013\/07\/La-guerra-del-Pacifico-Mapa-02-240x300.jpg 240w\" sizes=\"auto, (max-width: 819px) 100vw, 819px\" \/><\/figure><div class=\"wp-block-media-text__content\">\n<p class=\"has-text-align-right\"><a href=\"http:\/\/www.ariadnatucma.com.ar\/?p=3782\">La dram\u00e1tica historia de la Guerra del Pac\u00edfico (1879-1883) y de sus consecuencias para Bolivia<\/a>. Sergio Guerra Vilaboy<\/p>\n<\/div><\/div>\n\n\n\n<div class=\"wp-block-media-text alignwide is-stacked-on-mobile\"><figure class=\"wp-block-media-text__media\"><img loading=\"lazy\" decoding=\"async\" width=\"472\" height=\"640\" src=\"http:\/\/www.ariadnatucma.com.ar\/wp-content\/uploads\/2013\/07\/JM-Hostos-02.jpg\" alt=\"Jose M Hostos\" class=\"wp-image-3893 size-full\" srcset=\"https:\/\/www.ariadnatucma.com.ar\/wp-content\/uploads\/2013\/07\/JM-Hostos-02.jpg 472w, https:\/\/www.ariadnatucma.com.ar\/wp-content\/uploads\/2013\/07\/JM-Hostos-02-221x300.jpg 221w\" sizes=\"auto, (max-width: 472px) 100vw, 472px\" \/><\/figure><div class=\"wp-block-media-text__content\">\n<p><a href=\"http:\/\/www.ariadnatucma.com.ar\/?p=3880\">Federaci\u00f3n Antillana. La restauraci\u00f3n y las Antillas Mayores.<\/a> Luisa Navarro<\/p>\n<\/div><\/div>\n\n\n\n<div class=\"wp-block-media-text alignwide is-stacked-on-mobile\"><figure class=\"wp-block-media-text__media\"><img loading=\"lazy\" decoding=\"async\" width=\"425\" height=\"567\" src=\"http:\/\/www.ariadnatucma.com.ar\/wp-content\/uploads\/2013\/06\/Edif-Col-005.jpg\" alt=\"\" class=\"wp-image-3822 size-full\" srcset=\"https:\/\/www.ariadnatucma.com.ar\/wp-content\/uploads\/2013\/06\/Edif-Col-005.jpg 425w, https:\/\/www.ariadnatucma.com.ar\/wp-content\/uploads\/2013\/06\/Edif-Col-005-224x300.jpg 224w\" sizes=\"auto, (max-width: 425px) 100vw, 425px\" \/><\/figure><div class=\"wp-block-media-text__content\">\n<p class=\"has-text-align-right\"><a href=\"http:\/\/ http:\/\/www.ariadnatucma.com.ar\/?p=3740\">El clero rebelde en la Independencia Hispanoamericana<\/a>. Betty Rodr\u00edguez Quevedo&nbsp;<\/p>\n<\/div><\/div>\n\n\n\n<p>III. ECONOM\u00cdA SOCIAL Y SOLIDARIA EN AM\u00c9RICA LATINA Y EL CARIBE<\/p>\n\n\n\n<div class=\"wp-block-media-text alignwide has-media-on-the-right is-stacked-on-mobile\"><figure class=\"wp-block-media-text__media\"><img loading=\"lazy\" decoding=\"async\" width=\"306\" height=\"296\" src=\"http:\/\/www.ariadnatucma.com.ar\/wp-content\/uploads\/2013\/07\/hermanas-mirabal1.jpg\" alt=\"Hermanas Mirabal\" class=\"wp-image-3898 size-full\" srcset=\"https:\/\/www.ariadnatucma.com.ar\/wp-content\/uploads\/2013\/07\/hermanas-mirabal1.jpg 306w, https:\/\/www.ariadnatucma.com.ar\/wp-content\/uploads\/2013\/07\/hermanas-mirabal1-300x290.jpg 300w\" sizes=\"auto, (max-width: 306px) 100vw, 306px\" \/><\/figure><div class=\"wp-block-media-text__content\">\n<p><a href=\"http:\/\/www.ariadnatucma.com.ar\/?p=3891\">Participaci\u00f3n de la Mujer Dominicana en el Desarrollo de las Econom\u00edas Solidarias: Estudio de Caso: Cooperativa Hermanas Mirabal.<\/a> \u00c1ngela Altagracia Fern\u00e1ndez R.<\/p>\n<\/div><\/div>\n\n\n\n<div class=\"wp-block-media-text alignwide is-stacked-on-mobile\"><figure class=\"wp-block-media-text__media\"><img loading=\"lazy\" decoding=\"async\" width=\"185\" height=\"124\" src=\"http:\/\/www.ariadnatucma.com.ar\/wp-content\/uploads\/2013\/07\/GUanajuato-2.jpg\" alt=\"\" class=\"wp-image-3912 size-full\"\/><\/figure><div class=\"wp-block-media-text__content\">\n<p class=\"has-text-align-right\"><em><a href=\"http:\/\/www.ariadnatucma.com.ar\/?p=3910\">La participaci\u00f3n de la Universidad P\u00fablica en el desarrollo comunitario. Guanajuato, M\u00e9xico.<\/a><\/em> Felipe Mac\u00edas Gloria, Patricia Campos Rodr\u00edguez y Davison Mazabel<\/p>\n<\/div><\/div>\n\n\n\n<p class=\"has-vivid-cyan-blue-color has-text-color has-huge-font-size\">\u21e8<\/p>\n\n\n\n<p class=\"has-luminous-vivid-orange-color has-text-color has-huge-font-size\">\u21e6<\/p>\n\n\n\n<p><a href=\"http:\/\/www.ariadnatucma.com.ar\/?page_id=6091\">VOLVER AL INDICE<\/a><\/p>\n\n\n\n<div class=\"wp-block-media-text alignwide has-media-on-the-right is-stacked-on-mobile\"><figure class=\"wp-block-media-text__media\"><img loading=\"lazy\" decoding=\"async\" width=\"525\" height=\"302\" src=\"http:\/\/www.ariadnatucma.com.ar\/wp-content\/uploads\/2019\/08\/Ariadna-escudo-04-completo-14-FIRMA-revista-chico.jpg\" alt=\"\" class=\"wp-image-5704 size-full\" srcset=\"https:\/\/www.ariadnatucma.com.ar\/wp-content\/uploads\/2019\/08\/Ariadna-escudo-04-completo-14-FIRMA-revista-chico.jpg 525w, https:\/\/www.ariadnatucma.com.ar\/wp-content\/uploads\/2019\/08\/Ariadna-escudo-04-completo-14-FIRMA-revista-chico-300x173.jpg 300w\" sizes=\"auto, (max-width: 525px) 100vw, 525px\" \/><\/figure><div class=\"wp-block-media-text__content\">\n<p class=\"has-text-align-center has-text-color\" style=\"color:#0576a7;font-size:15.5px\">Ariadna Tucma Revista Latinoamericana<\/p>\n\n\n\n<p class=\"has-text-align-center has-text-color\" style=\"color:#0576a7;font-size:15.5px\">ISSN 1853-9467 <\/p>\n<\/div><\/div>\n\n\n\n<!--nextpage-->\n\n\n\n<p>Ariadna Tucma N\u00ba 8 Marzo 2013 \u2013 Febrero 2014<\/p>\n\n\n\n<p>VOLUMEN II<\/p>\n\n\n\n<p>I. HISTORIOGRAF\u00cdA. ESTUDIOS Y DEBATES<\/p>\n\n\n\n<div class=\"wp-block-media-text alignwide is-stacked-on-mobile\"><figure class=\"wp-block-media-text__media\"><img loading=\"lazy\" decoding=\"async\" width=\"450\" height=\"310\" src=\"http:\/\/www.ariadnatucma.com.ar\/wp-content\/uploads\/2013\/09\/Represion-Brasil.jpg\" alt=\"\" class=\"wp-image-4232 size-full\" srcset=\"https:\/\/www.ariadnatucma.com.ar\/wp-content\/uploads\/2013\/09\/Represion-Brasil.jpg 450w, https:\/\/www.ariadnatucma.com.ar\/wp-content\/uploads\/2013\/09\/Represion-Brasil-300x206.jpg 300w\" sizes=\"auto, (max-width: 450px) 100vw, 450px\" \/><\/figure><div class=\"wp-block-media-text__content\">\n<p class=\"has-text-align-right\"><a href=\"http:\/\/www.ariadnatucma.com.ar\/?p=4229\">O tema da viol\u00eancia na historiograf\u00eda. Aspectos de um debate.<\/a>&nbsp;Vera Lucia Vieira <strong>&nbsp;<\/strong><\/p>\n<\/div><\/div>\n\n\n\n<div class=\"wp-block-media-text alignwide is-stacked-on-mobile\"><figure class=\"wp-block-media-text__media\"><img loading=\"lazy\" decoding=\"async\" width=\"1024\" height=\"941\" src=\"http:\/\/www.ariadnatucma.com.ar\/wp-content\/uploads\/2013\/09\/Mosambique-Ciudad-de-Sofala-1572-1024x941.jpg\" alt=\"\" class=\"wp-image-4350 size-full\" srcset=\"https:\/\/www.ariadnatucma.com.ar\/wp-content\/uploads\/2013\/09\/Mosambique-Ciudad-de-Sofala-1572-1024x941.jpg 1024w, https:\/\/www.ariadnatucma.com.ar\/wp-content\/uploads\/2013\/09\/Mosambique-Ciudad-de-Sofala-1572-300x275.jpg 300w, https:\/\/www.ariadnatucma.com.ar\/wp-content\/uploads\/2013\/09\/Mosambique-Ciudad-de-Sofala-1572.jpg 1569w\" sizes=\"auto, (max-width: 1024px) 100vw, 1024px\" \/><\/figure><div class=\"wp-block-media-text__content\">\n<p class=\"has-text-align-right\"><a href=\"http:\/\/www.ariadnatucma.com.ar\/?p=4343\">A econom\u00eda colonial na Am\u00e9rica Latina e o pensamento cr\u00edtico dos estudos subalternos<\/a> Jorge L\u00fazio <\/p>\n<\/div><\/div>\n\n\n\n<p>II. HISTORIA DE AM\u00c9RICA LATINA Y EL CARIBE: SIGLOS XVIII Y XIX<\/p>\n\n\n\n<div class=\"wp-block-media-text alignwide has-media-on-the-right is-stacked-on-mobile\"><figure class=\"wp-block-media-text__media\"><img loading=\"lazy\" decoding=\"async\" width=\"267\" height=\"329\" src=\"http:\/\/www.ariadnatucma.com.ar\/wp-content\/uploads\/2013\/08\/Manuela-Ca\u00f1izares-por-Antonio-Andrade.jpg\" alt=\"\" class=\"wp-image-4189 size-full\" srcset=\"https:\/\/www.ariadnatucma.com.ar\/wp-content\/uploads\/2013\/08\/Manuela-Ca\u00f1izares-por-Antonio-Andrade.jpg 267w, https:\/\/www.ariadnatucma.com.ar\/wp-content\/uploads\/2013\/08\/Manuela-Ca\u00f1izares-por-Antonio-Andrade-243x300.jpg 243w\" sizes=\"auto, (max-width: 267px) 100vw, 267px\" \/><\/figure><div class=\"wp-block-media-text__content\">\n<p><a href=\"http:\/\/www.ariadnatucma.com.ar\/?p=4187\">Eugenio Espejo. Estudio Introductorio en El catecismo de Fray Camilo<\/a> Jorge N\u00fa\u00f1ez S\u00e1nchez <\/p>\n<\/div><\/div>\n\n\n\n<div class=\"wp-block-media-text alignwide is-stacked-on-mobile\"><figure class=\"wp-block-media-text__media\"><img loading=\"lazy\" decoding=\"async\" width=\"267\" height=\"308\" src=\"http:\/\/www.ariadnatucma.com.ar\/wp-content\/uploads\/2013\/07\/Artesano-siglo-XIX.jpg\" alt=\"\" class=\"wp-image-3973 size-full\" srcset=\"https:\/\/www.ariadnatucma.com.ar\/wp-content\/uploads\/2013\/07\/Artesano-siglo-XIX.jpg 267w, https:\/\/www.ariadnatucma.com.ar\/wp-content\/uploads\/2013\/07\/Artesano-siglo-XIX-260x300.jpg 260w\" sizes=\"auto, (max-width: 267px) 100vw, 267px\" \/><\/figure><div class=\"wp-block-media-text__content\">\n<p class=\"has-text-align-right\"><em><a href=\"http:\/\/www.ariadnatucma.com.ar\/?p=3978\">La Sociedad de Artesanos de Bogot\u00e1 (1847-1854): precursora del movimiento cooperativo y solidario en Am\u00e9rica Latina<\/a><\/em> Sergio Guerra Vilaboy <\/p>\n<\/div><\/div>\n\n\n\n<div class=\"wp-block-media-text alignwide is-stacked-on-mobile\"><figure class=\"wp-block-media-text__media\"><img loading=\"lazy\" decoding=\"async\" width=\"510\" height=\"680\" src=\"http:\/\/www.ariadnatucma.com.ar\/wp-content\/uploads\/2013\/09\/DSC00640.jpg\" alt=\"\" class=\"wp-image-4335 size-full\" srcset=\"https:\/\/www.ariadnatucma.com.ar\/wp-content\/uploads\/2013\/09\/DSC00640.jpg 510w, https:\/\/www.ariadnatucma.com.ar\/wp-content\/uploads\/2013\/09\/DSC00640-225x300.jpg 225w\" sizes=\"auto, (max-width: 510px) 100vw, 510px\" \/><\/figure><div class=\"wp-block-media-text__content\">\n<p class=\"has-text-align-right\"><a href=\"http:\/\/www.ariadnatucma.com.ar\/?p=4333\">El \u201898 cubano: valoraciones del gran relato en la agenda tem\u00e1tica de la prensa argentina. An\u00e1lisis de las estrategias comunicacionales en el peri\u00f3dico La Patria degli Italiani<\/a> Paolo Galassi <\/p>\n<\/div><\/div>\n\n\n\n<p class=\"has-vivid-cyan-blue-color has-text-color has-huge-font-size\">\u21e8<\/p>\n\n\n\n<p class=\"has-luminous-vivid-orange-color has-text-color has-huge-font-size\">\u21e6<\/p>\n\n\n\n<p><a href=\"http:\/\/www.ariadnatucma.com.ar\/?page_id=6091\">VOLVER AL INDICE<\/a><\/p>\n\n\n\n<div class=\"wp-block-media-text alignwide has-media-on-the-right is-stacked-on-mobile\"><figure class=\"wp-block-media-text__media\"><img loading=\"lazy\" decoding=\"async\" width=\"525\" height=\"302\" src=\"http:\/\/www.ariadnatucma.com.ar\/wp-content\/uploads\/2019\/08\/Ariadna-escudo-04-completo-14-FIRMA-revista-chico.jpg\" alt=\"\" class=\"wp-image-5704 size-full\" srcset=\"https:\/\/www.ariadnatucma.com.ar\/wp-content\/uploads\/2019\/08\/Ariadna-escudo-04-completo-14-FIRMA-revista-chico.jpg 525w, https:\/\/www.ariadnatucma.com.ar\/wp-content\/uploads\/2019\/08\/Ariadna-escudo-04-completo-14-FIRMA-revista-chico-300x173.jpg 300w\" sizes=\"auto, (max-width: 525px) 100vw, 525px\" \/><\/figure><div class=\"wp-block-media-text__content\">\n<p class=\"has-text-align-center has-text-color\" style=\"color:#0576a7;font-size:15.5px\">Ariadna Tucma Revista Latinoamericana<\/p>\n\n\n\n<p class=\"has-text-align-center has-text-color\" style=\"color:#0576a7;font-size:15.5px\">ISSN 1853-9467 <\/p>\n<\/div><\/div>\n\n\n\n<!--nextpage-->\n\n\n\n<p>III. LA ECONOM\u00cdA SOCIAL Y SOLIDARIA EN AM\u00c9RICA LATINA Y EL CARIBE <\/p>\n\n\n\n<div class=\"wp-block-media-text alignwide is-stacked-on-mobile\"><figure class=\"wp-block-media-text__media\"><img loading=\"lazy\" decoding=\"async\" width=\"406\" height=\"329\" src=\"http:\/\/www.ariadnatucma.com.ar\/wp-content\/uploads\/2013\/09\/Monum-CooperativismoPetropolis.jpg\" alt=\"\" class=\"wp-image-4224 size-full\" srcset=\"https:\/\/www.ariadnatucma.com.ar\/wp-content\/uploads\/2013\/09\/Monum-CooperativismoPetropolis.jpg 406w, https:\/\/www.ariadnatucma.com.ar\/wp-content\/uploads\/2013\/09\/Monum-CooperativismoPetropolis-300x243.jpg 300w\" sizes=\"auto, (max-width: 406px) 100vw, 406px\" \/><\/figure><div class=\"wp-block-media-text__content\">\n<p class=\"has-text-align-right\"><a href=\"http:\/\/www.ariadnatucma.com.ar\/?p=4219\">A pol\u00edtica de educa\u00e7\u00e3o em economia solid\u00e1ria no Brasil: Desafios e perspectivas<\/a> Telmo Adams<\/p>\n<\/div><\/div>\n\n\n\n<div class=\"wp-block-media-text alignwide has-media-on-the-right\" style=\"background-color:#f1f77f\"><figure class=\"wp-block-media-text__media\"><img loading=\"lazy\" decoding=\"async\" width=\"340\" height=\"298\" src=\"http:\/\/www.ariadnatucma.com.ar\/wp-content\/uploads\/2013\/09\/EconInfor.jpg\" alt=\"\" class=\"wp-image-4261\" srcset=\"https:\/\/www.ariadnatucma.com.ar\/wp-content\/uploads\/2013\/09\/EconInfor.jpg 340w, https:\/\/www.ariadnatucma.com.ar\/wp-content\/uploads\/2013\/09\/EconInfor-300x262.jpg 300w\" sizes=\"auto, (max-width: 340px) 100vw, 340px\" \/><\/figure><div class=\"wp-block-media-text__content\">\n\n<p><a href=\"http:\/\/www.ariadnatucma.com.ar\/?p=4266\">Repensando la Econom\u00eda informal y social. Los desaf\u00edos de las pol\u00edticas sociales <\/a>Pilar Alzina &nbsp;<\/p>\n\n<\/div><\/div>\n\n\n\n<div class=\"wp-block-media-text alignwide is-stacked-on-mobile\"><figure class=\"wp-block-media-text__media\"><img loading=\"lazy\" decoding=\"async\" width=\"849\" height=\"1024\" src=\"http:\/\/www.ariadnatucma.com.ar\/wp-content\/uploads\/2013\/09\/Prov-San-Juan-849x1024.jpg\" alt=\"\" class=\"wp-image-4276 size-full\" srcset=\"https:\/\/www.ariadnatucma.com.ar\/wp-content\/uploads\/2013\/09\/Prov-San-Juan-849x1024.jpg 849w, https:\/\/www.ariadnatucma.com.ar\/wp-content\/uploads\/2013\/09\/Prov-San-Juan-249x300.jpg 249w\" sizes=\"auto, (max-width: 849px) 100vw, 849px\" \/><\/figure><div class=\"wp-block-media-text__content\">\n<p class=\"has-text-align-right\"><a href=\"http:\/\/www.ariadnatucma.com.ar\/?p=4293\">Una experiencia asociativa: Cooperativas Vitivin\u00edcolas de San Juan<\/a> Mabel Cerc\u00f3s de Mart\u00edn \u2013 Gema Melisa Mercado Roca&nbsp;<\/p>\n<\/div><\/div>\n\n\n\n<div class=\"wp-block-media-text alignwide has-media-on-the-right is-stacked-on-mobile\"><figure class=\"wp-block-media-text__media\"><img loading=\"lazy\" decoding=\"async\" width=\"1024\" height=\"672\" src=\"http:\/\/www.ariadnatucma.com.ar\/wp-content\/uploads\/2013\/09\/Pesacadores05-B-01-reducido-1024x672.jpg\" alt=\"\" class=\"wp-image-4325 size-full\" srcset=\"https:\/\/www.ariadnatucma.com.ar\/wp-content\/uploads\/2013\/09\/Pesacadores05-B-01-reducido-1024x672.jpg 1024w, https:\/\/www.ariadnatucma.com.ar\/wp-content\/uploads\/2013\/09\/Pesacadores05-B-01-reducido-300x196.jpg 300w, https:\/\/www.ariadnatucma.com.ar\/wp-content\/uploads\/2013\/09\/Pesacadores05-B-01-reducido.jpg 1772w\" sizes=\"auto, (max-width: 1024px) 100vw, 1024px\" \/><\/figure><div class=\"wp-block-media-text__content\">\n<p><a href=\"http:\/\/www.ariadnatucma.com.ar\/?p=4304\">Experiencias de econom\u00eda social en Programa de la Subsecretar\u00eda de Econom\u00eda Solidaria de la Municipalidad de Rosario. Dificultades te\u00f3ricas y complejidad emp\u00edrica <\/a>Jos\u00e9 Gabriel Giavedoni&nbsp;<\/p>\n<\/div><\/div>\n\n\n\n<p>IV. LITERATURA LATINOAMERICANA<\/p>\n\n\n\n<div class=\"wp-block-media-text alignwide\" style=\"background-color:#f1f77f\"><figure class=\"wp-block-media-text__media\"><img loading=\"lazy\" decoding=\"async\" width=\"739\" height=\"1024\" src=\"http:\/\/www.ariadnatucma.com.ar\/wp-content\/uploads\/2013\/08\/Imagen-2.-Ricardo-Monner-Sans-739x1024.jpg\" alt=\"\" class=\"wp-image-4195\" srcset=\"https:\/\/www.ariadnatucma.com.ar\/wp-content\/uploads\/2013\/08\/Imagen-2.-Ricardo-Monner-Sans-739x1024.jpg 739w, https:\/\/www.ariadnatucma.com.ar\/wp-content\/uploads\/2013\/08\/Imagen-2.-Ricardo-Monner-Sans-216x300.jpg 216w, https:\/\/www.ariadnatucma.com.ar\/wp-content\/uploads\/2013\/08\/Imagen-2.-Ricardo-Monner-Sans.jpg 1292w\" sizes=\"auto, (max-width: 739px) 100vw, 739px\" \/><\/figure><div class=\"wp-block-media-text__content\">\n\n<p class=\"has-text-align-right\"><a href=\"http:\/\/ http:\/\/www.ariadnatucma.com.ar\/?p=4194\">Arte, Literatura y Cultura \u201cLas Cr\u00f3nicas Argentinas\u201d del catal\u00e1n Ricardo Monner Sans<\/a> Gabriela Dalla-Corte Caballero <\/p>\n\n<\/div><\/div>\n\n\n\n<p>V. AM\u00c9RICA LATINA Y EL CARIBE EN EL SIGLO XX<\/p>\n\n\n\n<div class=\"wp-block-media-text alignwide has-media-on-the-right is-stacked-on-mobile\"><figure class=\"wp-block-media-text__media\"><img loading=\"lazy\" decoding=\"async\" width=\"960\" height=\"540\" src=\"http:\/\/www.ariadnatucma.com.ar\/wp-content\/uploads\/2019\/09\/raul-alfonsin.jpg\" alt=\"\" class=\"wp-image-6194 size-full\" srcset=\"https:\/\/www.ariadnatucma.com.ar\/wp-content\/uploads\/2019\/09\/raul-alfonsin.jpg 960w, https:\/\/www.ariadnatucma.com.ar\/wp-content\/uploads\/2019\/09\/raul-alfonsin-300x169.jpg 300w, https:\/\/www.ariadnatucma.com.ar\/wp-content\/uploads\/2019\/09\/raul-alfonsin-768x432.jpg 768w\" sizes=\"auto, (max-width: 960px) 100vw, 960px\" \/><\/figure><div class=\"wp-block-media-text__content\">\n<p> <a href=\"http:\/\/www.ariadnatucma.com.ar\/?p=4719\">El Consenso de Cartagena. Deuda externa y \u201cdependencia\u201d en la pol\u00edtica exterior argentina.  <\/a> Carolina Crisorio <\/p>\n<\/div><\/div>\n\n\n\n<p class=\"has-luminous-vivid-orange-color has-text-color has-huge-font-size\">\u21e6<\/p>\n\n\n\n<p><a href=\"http:\/\/www.ariadnatucma.com.ar\/?page_id=6091\">VOLVER AL INDICE<\/a><\/p>\n\n\n\n<p class=\"has-text-align-center has-text-color has-background\" style=\"background-color:#fdf7f1;color:#147aa6;font-size:16.5px\">ARIADNA TUCMA Revista Latinoamericana<\/p>\n\n\n\n<p class=\"has-text-align-center has-text-color has-background\" style=\"background-color:#fdf7f1;color:#147aa6;font-size:16.5px\">ISSN 1853-9467 <\/p>\n\n\n\n<p class=\"has-text-align-center has-text-color has-background\" style=\"background-color:#fdf7f1;color:#147aa6;font-size:16.5px\">info@ariadnatucma.com.ar<\/p>\n\n\n\n<p class=\"has-text-align-center has-text-color has-background\" style=\"background-color:#fdf7f1;color:#147aa6;font-size:16.5px\">Revista de la Asociaci\u00f3n de Historiadores Latinoamericanos y del Caribe (ADHILAC)<strong> <\/strong><\/p>\n\n\n\n<p class=\"has-text-align-center has-text-color has-background\" style=\"background-color:#fdf7f1;color:#147aa6;font-size:16.5px\">www.adhilac.com.ar <\/p>\n\n\n\n<p class=\"has-text-align-center has-text-color has-background\" style=\"background-color:#fdf7f1;color:#147aa6;font-size:16.5px\">info@adhilac.com.ar <\/p>\n\n\n\n<p class=\"has-text-align-center has-text-color has-background\" style=\"background-color:#fdf7f1;color:#147aa6;font-size:16.5px\">@AdhilacInfo<\/p>\n","protected":false},"excerpt":{"rendered":"<p>VOLUMEN I I. HISTORIOGRAF\u00cdA, ESTUDIOS Y DEBATES Identidad Latinoamericana: dualismo o integraci\u00f3n. Debates Historiogr\u00e1ficos.Vera Lucia Vieira y Eugenia Cec\u00edlia Gomez Casta\u00f1eda. Un esbozo de los l\u00edmites de la historiograf\u00eda oficial de la historia argentina. Pablo Jaitte Una aproximaci\u00f3n a la cuesti\u00f3n de la dependencia en la obra de Caio Prado Junior Daniel Villalba El anticomunismo &hellip; <\/p>\n<p class=\"link-more\"><a href=\"https:\/\/www.ariadnatucma.com.ar\/?page_id=6186\" class=\"more-link\">Seguir leyendo<span class=\"screen-reader-text\"> \u00abAriadna Tucma N\u00ba 8 Marzo 2013 \u2013 Febrero 2014\u00bb<\/span><\/a><\/p>\n","protected":false},"author":2,"featured_media":0,"parent":6091,"menu_order":10,"comment_status":"closed","ping_status":"closed","template":"","meta":{"footnotes":""},"class_list":["post-6186","page","type-page","status-publish","hentry","entry"],"_links":{"self":[{"href":"https:\/\/www.ariadnatucma.com.ar\/index.php?rest_route=\/wp\/v2\/pages\/6186","targetHints":{"allow":["GET"]}}],"collection":[{"href":"https:\/\/www.ariadnatucma.com.ar\/index.php?rest_route=\/wp\/v2\/pages"}],"about":[{"href":"https:\/\/www.ariadnatucma.com.ar\/index.php?rest_route=\/wp\/v2\/types\/page"}],"author":[{"embeddable":true,"href":"https:\/\/www.ariadnatucma.com.ar\/index.php?rest_route=\/wp\/v2\/users\/2"}],"replies":[{"embeddable":true,"href":"https:\/\/www.ariadnatucma.com.ar\/index.php?rest_route=%2Fwp%2Fv2%2Fcomments&post=6186"}],"version-history":[{"count":11,"href":"https:\/\/www.ariadnatucma.com.ar\/index.php?rest_route=\/wp\/v2\/pages\/6186\/revisions"}],"predecessor-version":[{"id":6842,"href":"https:\/\/www.ariadnatucma.com.ar\/index.php?rest_route=\/wp\/v2\/pages\/6186\/revisions\/6842"}],"up":[{"embeddable":true,"href":"https:\/\/www.ariadnatucma.com.ar\/index.php?rest_route=\/wp\/v2\/pages\/6091"}],"wp:attachment":[{"href":"https:\/\/www.ariadnatucma.com.ar\/index.php?rest_route=%2Fwp%2Fv2%2Fmedia&parent=6186"}],"curies":[{"name":"wp","href":"https:\/\/api.w.org\/{rel}","templated":true}]}}